{"id":1283,"date":"2022-01-19T12:27:22","date_gmt":"2022-01-19T12:27:22","guid":{"rendered":"https:\/\/senergyapp.com\/politica-de-privacitat\/"},"modified":"2022-01-19T12:27:22","modified_gmt":"2022-01-19T12:27:22","slug":"politica-de-privacitat","status":"publish","type":"page","link":"https:\/\/senergyapp.com\/ca\/politica-de-privacitat\/","title":{"rendered":"Pol\u00edtica de privacitat"},"content":{"rendered":"<div class=\"fusion-fullwidth fullwidth-box fusion-builder-row-1 fusion-flex-container nonhundred-percent-fullwidth non-hundred-percent-height-scrolling fusion-animated\" style=\"--awb-border-radius-top-left:0px;--awb-border-radius-top-right:0px;--awb-border-radius-bottom-right:0px;--awb-border-radius-bottom-left:0px;--awb-padding-top:80px;--awb-padding-top-medium:40px;--awb-padding-right-medium:20px;--awb-padding-left-medium:20px;--awb-padding-top-small:24px;--awb-background-image:linear-gradient(180deg, rgba(255,255,255,0.24) 93%,#ffffff 93%);--awb-flex-wrap:wrap;\" data-animationType=\"fadeInDown\" data-animationDuration=\"1.0\" data-animationOffset=\"top-into-view\" ><div class=\"fusion-builder-row fusion-row fusion-flex-align-items-flex-start fusion-flex-justify-content-center fusion-flex-content-wrap\" style=\"max-width:1248px;margin-left: calc(-4% \/ 2 );margin-right: calc(-4% \/ 2 );\"><div class=\"fusion-layout-column fusion_builder_column fusion-builder-column-0 fusion_builder_column_1_1 1_1 fusion-flex-column fusion-animated\" style=\"--awb-bg-size:cover;--awb-width-large:100%;--awb-margin-top-large:0px;--awb-spacing-right-large:2.88%;--awb-margin-bottom-large:20px;--awb-spacing-left-large:1.92%;--awb-width-medium:100%;--awb-order-medium:0;--awb-margin-top-medium:0px;--awb-spacing-right-medium:7.68%;--awb-spacing-left-medium:7.68%;--awb-width-small:100%;--awb-order-small:0;--awb-spacing-right-small:1.92%;--awb-spacing-left-small:1.92%;\" data-animationType=\"fadeInLeft\" data-animationDuration=\"2.0\" data-animationOffset=\"top-into-view\"><div class=\"fusion-column-wrapper fusion-column-has-shadow fusion-flex-justify-content-flex-start fusion-content-layout-column\"><div class=\"fusion-text fusion-text-1 md-text-align-center sm-text-align-center\" style=\"--awb-content-alignment:left;--awb-font-size:46px;--awb-line-height:1.4em;--awb-text-color:#ffffff;\"><p><span style=\"color: #000000;\"><strong>Pol\u00edtica de privacitat<\/strong><\/span><\/p>\n<\/div><div class=\"fusion-separator fusion-full-width-sep\" style=\"align-self: center;margin-left: auto;margin-right: auto;margin-top:20px;margin-bottom:20px;width:100%;\"><\/div><div class=\"fusion-text fusion-text-2\"><p>Als efectes del que preveu la Llei Org\u00e0nica 15\/1999, de 13 de desembre de Protecci\u00f3 de Dades de Car\u00e0cter Personal (d\u2019ara endavant \u201cLOPD\u201d), i altra legislaci\u00f3 aplicable, FUNDACI\u00d3 INSTITUTE FOR TRANSFORMATIONAL LEADERSHIP, d\u2019ara endavant Fundaci\u00f3 IfTL informa als seus clients ia qualsevol tercer que lliuri les seves dades de car\u00e0cter personal a aquesta organitzaci\u00f3 sobre la seva Pol\u00edtica de Protecci\u00f3 de dades de car\u00e0cter personal.<\/p>\n<p>La present Pol\u00edtica de Protecci\u00f3 de Dades ser\u00e0 aplicable a la recollida de dades personals per part de la Fundaci\u00f3 IfTL per qualsevol m\u00e8tode com correspond\u00e8ncia escrita o electr\u00f2nica, recepci\u00f3 de targetes de negoci, comunicaci\u00f3 de dades per tel\u00e8fon, lloc web o emplenament de formularis. S\u2019ent\u00e9n que qualsevol client i \/ o tercer que lliuri les seves dades personals a la Fundaci\u00f3 IfTL ho fa volunt\u00e0riament i lliurement i amb el seu consentiment expr\u00e9s i inequ\u00edvoc.<\/p>\n<p>Les dades demanades a trav\u00e9s dels formularis de recollida de dades del Portal seran incorporades a un fitxer automatitzat de dades de car\u00e0cter personal de qu\u00e8 \u00e9s responsable la Fundaci\u00f3 IfTL. Aquesta tractar\u00e0 les dades de forma confidencial i exclusivament amb la finalitat de gestionar la relaci\u00f3 amb els seus clients i promocionar les activitats de l\u2019organitzaci\u00f3. Aix\u00ed mateix, cancel\u00b7lar\u00e0, esborrar\u00e0 i \/ o bloquejar\u00e0 les dades quan resultin inexactes, incompletes o hagin deixat de ser necess\u00e0ries o pertinents per a la seva finalitat, de conformitat amb el que preveu la legislaci\u00f3 en mat\u00e8ria de protecci\u00f3 de dades.<\/p>\n<p>La Fundaci\u00f3 IfTL adopta els nivells de seguretat requerits per la legislaci\u00f3 vigent en mat\u00e8ria de protecci\u00f3 de dades de car\u00e0cter personal. No obstant l\u2019anterior, s\u2019adverteix que la seguretat t\u00e8cnica en un mitj\u00e0 com Internet no \u00e9s inexpugnable i poden existir filtracions per actuacions doloses de tercers.<\/p>\n<p>La finalitat d\u2019el fitxer esmentat \u00e9s l\u2019administraci\u00f3 i gesti\u00f3 general de l\u2019organitzaci\u00f3 amb la intenci\u00f3 de prestar un bon servei als seus clients i poder mantenir el contacte amb els mateixos o altres contactes professionals. Aix\u00ed mateix, la Fundaci\u00f3 IfTL pot utilitzar aquestes dades personals per a enviar informaci\u00f3 comercial, jur\u00eddica i qualsevol altra que la Fundaci\u00f3 IfTL consideri d\u2019inter\u00e8s per als seus clients i \/ o tercers. Ning\u00fa est\u00e0 obligat a subministrar aquestes dades amb la conseq\u00fc\u00e8ncia que, en aquest cas, la Fundaci\u00f3 IfTL no podr\u00e0 prestar cap servei a aquesta persona o posar-se en contacte amb ella.<\/p>\n<p>Drets:<\/p>\n<p>Qualsevol tercer que hagi lliurat dades personals a la Fundaci\u00f3 IfTL t\u00e9 dret d\u2019acc\u00e9s, rectificaci\u00f3, cancel\u00b7laci\u00f3 i oposici\u00f3 respecte a les seves dades personals. Aquests drets es podran exercitar mitjan\u00e7ant escrit dirigit al domicili social de la Fundaci\u00f3 IfTL o correu electr\u00f2nic enviat a info@iftl.eu.<\/p>\n<p>La Fundaci\u00f3 IfTL es compromet a complir l\u2019obligaci\u00f3 de secret establerta en la legislaci\u00f3 aplicable, respecte de les dades contingudes al seu fitxer.<\/p>\n<p>En el cas que la Fundaci\u00f3 IfTL establ\u00eds unes condicions particulars en mat\u00e8ria de protecci\u00f3 de dades per a un servei concret, aquestes tindran prefer\u00e8ncia en el cas de conflicte entre les mateixes i la present Pol\u00edtica de Protecci\u00f3 de Dades.<\/p>\n<p>L\u2019organitzaci\u00f3 es reserva el dret de modificar la seva Pol\u00edtica de Protecci\u00f3 de Dades d\u2019acord amb la legislaci\u00f3 aplicable en cada moment. Qualsevol modificaci\u00f3 de la Pol\u00edtica de Protecci\u00f3 de Dades ser\u00e0 publicada al lloc web de la Fundaci\u00f3 IfTL accessible per qualsevol persona.<\/p>\n<\/div><\/div><\/div><\/div><\/div>\n","protected":false},"excerpt":{"rendered":"","protected":false},"author":1,"featured_media":0,"parent":0,"menu_order":0,"comment_status":"closed","ping_status":"closed","template":"100-width.php","meta":{"footnotes":""},"class_list":["post-1283","page","type-page","status-publish","hentry"],"yoast_head":"<!-- This site is optimized with the Yoast SEO plugin v25.0 - https:\/\/yoast.com\/wordpress\/plugins\/seo\/ -->\n<title>Pol\u00edtica de privacitat - SenergyApp I Mejora la productividad de tu organizaci\u00f3n.<\/title>\n<meta name=\"robots\" content=\"index, follow, max-snippet:-1, max-image-preview:large, max-video-preview:-1\" \/>\n<link rel=\"canonical\" href=\"https:\/\/senergyapp.com\/ca\/politica-de-privacitat\/\" \/>\n<meta property=\"og:locale\" content=\"ca_ES\" \/>\n<meta property=\"og:type\" content=\"article\" \/>\n<meta property=\"og:title\" content=\"Pol\u00edtica de privacitat - SenergyApp I Mejora la productividad de tu organizaci\u00f3n.\" \/>\n<meta property=\"og:url\" content=\"https:\/\/senergyapp.com\/ca\/politica-de-privacitat\/\" \/>\n<meta property=\"og:site_name\" content=\"SenergyApp I Mejora la productividad de tu organizaci\u00f3n.\" \/>\n<meta name=\"twitter:card\" content=\"summary_large_image\" \/>\n<meta name=\"twitter:label1\" content=\"Temps estimat de lectura\" \/>\n\t<meta name=\"twitter:data1\" content=\"6 minuts\" \/>\n<script type=\"application\/ld+json\" class=\"yoast-schema-graph\">{\"@context\":\"https:\/\/schema.org\",\"@graph\":[{\"@type\":\"WebPage\",\"@id\":\"https:\/\/senergyapp.com\/ca\/politica-de-privacitat\/\",\"url\":\"https:\/\/senergyapp.com\/ca\/politica-de-privacitat\/\",\"name\":\"Pol\u00edtica de privacitat - SenergyApp I Mejora la productividad de tu organizaci\u00f3n.\",\"isPartOf\":{\"@id\":\"https:\/\/senergyapp.com\/ca\/#website\"},\"datePublished\":\"2022-01-19T12:27:22+00:00\",\"breadcrumb\":{\"@id\":\"https:\/\/senergyapp.com\/ca\/politica-de-privacitat\/#breadcrumb\"},\"inLanguage\":\"ca\",\"potentialAction\":[{\"@type\":\"ReadAction\",\"target\":[\"https:\/\/senergyapp.com\/ca\/politica-de-privacitat\/\"]}]},{\"@type\":\"BreadcrumbList\",\"@id\":\"https:\/\/senergyapp.com\/ca\/politica-de-privacitat\/#breadcrumb\",\"itemListElement\":[{\"@type\":\"ListItem\",\"position\":1,\"name\":\"Home\",\"item\":\"https:\/\/senergyapp.com\/ca\/\"},{\"@type\":\"ListItem\",\"position\":2,\"name\":\"Pol\u00edtica de privacitat\"}]},{\"@type\":\"WebSite\",\"@id\":\"https:\/\/senergyapp.com\/ca\/#website\",\"url\":\"https:\/\/senergyapp.com\/ca\/\",\"name\":\"SenergyApp I Mejora la productividad de tu organizaci\u00f3n.\",\"description\":\"SenergyApp es una plataforma online, con una interfaz f\u00e1cil y c\u00f3moda que en base a test neurocient\u00edficos te permite un mayor conocimiento individual y de los equipos de tu organizaci\u00f3n.  Consigue mejorar de forma significativa la productividad y positividad de los equipos, mientras avanzan hacia el liderazgo, generando conversaciones poderosas basadas en los datos de SenergyApp.\",\"potentialAction\":[{\"@type\":\"SearchAction\",\"target\":{\"@type\":\"EntryPoint\",\"urlTemplate\":\"https:\/\/senergyapp.com\/ca\/?s={search_term_string}\"},\"query-input\":{\"@type\":\"PropertyValueSpecification\",\"valueRequired\":true,\"valueName\":\"search_term_string\"}}],\"inLanguage\":\"ca\"}]}<\/script>\n<!-- \/ Yoast SEO plugin. -->","yoast_head_json":{"title":"Pol\u00edtica de privacitat - SenergyApp I Mejora la productividad de tu organizaci\u00f3n.","robots":{"index":"index","follow":"follow","max-snippet":"max-snippet:-1","max-image-preview":"max-image-preview:large","max-video-preview":"max-video-preview:-1"},"canonical":"https:\/\/senergyapp.com\/ca\/politica-de-privacitat\/","og_locale":"ca_ES","og_type":"article","og_title":"Pol\u00edtica de privacitat - SenergyApp I Mejora la productividad de tu organizaci\u00f3n.","og_url":"https:\/\/senergyapp.com\/ca\/politica-de-privacitat\/","og_site_name":"SenergyApp I Mejora la productividad de tu organizaci\u00f3n.","twitter_card":"summary_large_image","twitter_misc":{"Temps estimat de lectura":"6 minuts"},"schema":{"@context":"https:\/\/schema.org","@graph":[{"@type":"WebPage","@id":"https:\/\/senergyapp.com\/ca\/politica-de-privacitat\/","url":"https:\/\/senergyapp.com\/ca\/politica-de-privacitat\/","name":"Pol\u00edtica de privacitat - SenergyApp I Mejora la productividad de tu organizaci\u00f3n.","isPartOf":{"@id":"https:\/\/senergyapp.com\/ca\/#website"},"datePublished":"2022-01-19T12:27:22+00:00","breadcrumb":{"@id":"https:\/\/senergyapp.com\/ca\/politica-de-privacitat\/#breadcrumb"},"inLanguage":"ca","potentialAction":[{"@type":"ReadAction","target":["https:\/\/senergyapp.com\/ca\/politica-de-privacitat\/"]}]},{"@type":"BreadcrumbList","@id":"https:\/\/senergyapp.com\/ca\/politica-de-privacitat\/#breadcrumb","itemListElement":[{"@type":"ListItem","position":1,"name":"Home","item":"https:\/\/senergyapp.com\/ca\/"},{"@type":"ListItem","position":2,"name":"Pol\u00edtica de privacitat"}]},{"@type":"WebSite","@id":"https:\/\/senergyapp.com\/ca\/#website","url":"https:\/\/senergyapp.com\/ca\/","name":"SenergyApp I Mejora la productividad de tu organizaci\u00f3n.","description":"SenergyApp es una plataforma online, con una interfaz f\u00e1cil y c\u00f3moda que en base a test neurocient\u00edficos te permite un mayor conocimiento individual y de los equipos de tu organizaci\u00f3n.  Consigue mejorar de forma significativa la productividad y positividad de los equipos, mientras avanzan hacia el liderazgo, generando conversaciones poderosas basadas en los datos de SenergyApp.","potentialAction":[{"@type":"SearchAction","target":{"@type":"EntryPoint","urlTemplate":"https:\/\/senergyapp.com\/ca\/?s={search_term_string}"},"query-input":{"@type":"PropertyValueSpecification","valueRequired":true,"valueName":"search_term_string"}}],"inLanguage":"ca"}]}},"_links":{"self":[{"href":"https:\/\/senergyapp.com\/ca\/wp-json\/wp\/v2\/pages\/1283","targetHints":{"allow":["GET"]}}],"collection":[{"href":"https:\/\/senergyapp.com\/ca\/wp-json\/wp\/v2\/pages"}],"about":[{"href":"https:\/\/senergyapp.com\/ca\/wp-json\/wp\/v2\/types\/page"}],"author":[{"embeddable":true,"href":"https:\/\/senergyapp.com\/ca\/wp-json\/wp\/v2\/users\/1"}],"replies":[{"embeddable":true,"href":"https:\/\/senergyapp.com\/ca\/wp-json\/wp\/v2\/comments?post=1283"}],"version-history":[{"count":2,"href":"https:\/\/senergyapp.com\/ca\/wp-json\/wp\/v2\/pages\/1283\/revisions"}],"predecessor-version":[{"id":1285,"href":"https:\/\/senergyapp.com\/ca\/wp-json\/wp\/v2\/pages\/1283\/revisions\/1285"}],"wp:attachment":[{"href":"https:\/\/senergyapp.com\/ca\/wp-json\/wp\/v2\/media?parent=1283"}],"curies":[{"name":"wp","href":"https:\/\/api.w.org\/{rel}","templated":true}]}}